{"id":36179,"date":"2024-04-19T10:16:45","date_gmt":"2024-04-19T10:16:45","guid":{"rendered":"https:\/\/aklilimmobilier.fr\/?post_type=estate_property&#038;p=36179"},"modified":"2025-01-03T13:39:51","modified_gmt":"2025-01-03T13:39:51","slug":"appartement-coup-de-coeur-tres-fonctionnel-et-bien-situe","status":"publish","type":"estate_property","link":"https:\/\/aklilimmobilier.fr\/en\/annonces\/appartement-coup-de-coeur-tres-fonctionnel-et-bien-situe\/","title":{"rendered":"Appartement coup de c\u0153ur, tr\u00e8s fonctionnel et bien situ\u00e9"},"content":{"rendered":"<p>Appartement type deux pi\u00e8ces, meubl\u00e9 et bien agenc\u00e9, comprenant&nbsp;: Une entr\u00e9e en \u00e9toile sans aucune perte de place, un charmant s\u00e9jour, une chambre avec dressing int\u00e9gr\u00e9, une cuisine enti\u00e8rement am\u00e9nag\u00e9e et \u00e9quip\u00e9e, une douche italienne avec coin buanderie et un WC ind\u00e9pendant.<\/p>\n\n\n\n<p>Traversant et lumineux avec fen\u00eatres en double vitrage, offrant le charme de l&rsquo;ancien avec son parquet en ch\u00eane d&rsquo;origine (s\u00e9jour\/chambre) et sa d\u00e9coration \u00e9pur\u00e9e.<\/p>\n\n\n\n<p>\u00c9tage&nbsp;: 3\u00e8me sur 7 sans ascenseur.<\/p>\n\n\n\n<p>Immeuble ancien bien entretenu avec deux portes d&rsquo;acc\u00e8s, une par vigik\/interphone et la seconde par vigik\/digicode.<\/p>\n\n\n\n<p>Situation g\u00e9ographique tr\u00e8s recherch\u00e9e&nbsp;: Situ\u00e9 \u00e0 proximit\u00e9 imm\u00e9diate du m\u00e9tro Gabriel P\u00e9ri (ligne 13 directe sur Paris), son terminus de bus \u00e0 200m. Commerces, services et autres commodit\u00e9s au pied de l&rsquo;immeuble.<\/p>\n\n\n\n<ul class=\"wp-block-list\">\n<li>Loyer\u00a0: 1.050 euros charges comprises, incluant le chauffage collectif, l&rsquo;eau froide et l&rsquo;entretien des parties communes.<\/li>\n\n\n\n<li>Modalit\u00e9s de r\u00e9cup\u00e9ration des charges locatives\u00a0: Forfait.<\/li>\n\n\n\n<li>D\u00e9p\u00f4t de garantie\u00a0: 1.700 euros soit deux mois de loyer hors charges.<\/li>\n\n\n\n<li>Superficie Loi Carrez\u00a0: 36.50m\u00b2 dossier diagnostics en cours.<\/li>\n\n\n\n<li>Honoraires\u00a0\u00e0 la charge du locataire\u00a0: 15 euros TTC\/m\u00b2 dont 3 euros TTC\/m\u00b2 pour la r\u00e9alisation de l&rsquo;\u00e9tat des lieux d&rsquo;entr\u00e9e, soit un total de 547.50 euros TTC.<\/li>\n<\/ul>\n\n\n\n<p>Profil s\u00e9rieux et dossier complet exig\u00e9.<\/p>\n\n\n\n<p>Visites sur rendez-vous.<\/p>\n\n\n\n<p>Coup de c\u0153ur sur place assur\u00e9, \u00e0 visiter sans tarder.<\/p>","protected":false},"excerpt":{"rendered":"<p>Appartement type deux pi\u00e8ces, meubl\u00e9 et bien agenc\u00e9, comprenant&nbsp;: Une entr\u00e9e en \u00e9toile sans aucune perte de place, un charmant s\u00e9jour, une chambre avec dressing int\u00e9gr\u00e9, une cuisine enti\u00e8rement am\u00e9nag\u00e9e et \u00e9quip\u00e9e, une douche italienne avec coin buanderie et un WC ind\u00e9pendant. Traversant et lumineux avec fen\u00eatres en double vitrage, offrant le charme de l&rsquo;ancien avec son parquet en ch\u00eane d&rsquo;origine (s\u00e9jour\/chambre) et sa &#8230;<\/p>","protected":false},"featured_media":36230,"comment_status":"closed","ping_status":"closed","template":"","property_category":[34],"property_action_category":[182],"property_city":[170],"property_area":[],"property_county_state":[],"property_features":[160,158,157,173],"property_status":[],"class_list":["post-36179","estate_property","type-estate_property","status-publish","has-post-thumbnail","hentry","property_category-appartement","property_action_category-loue","property_city-asnieres-sur-seine","property_features-cuisine-amenagee","property_features-digicode","property_features-interphone","property_features-metro-gabriel-peri"],"yoast_head":"<!-- This site is optimized with the Yoast SEO plugin v27.5 - https:\/\/yoast.com\/product\/yoast-seo-wordpress\/ -->\n<title>Appartement coup de c\u0153ur, tr\u00e8s fonctionnel et bien situ\u00e9 - Aklil Immobilier<\/title>\n<meta name=\"robots\" content=\"index, follow, max-snippet:-1, max-image-preview:large, max-video-preview:-1\" \/>\n<link rel=\"canonical\" href=\"https:\/\/aklilimmobilier.fr\/en\/annonces\/appartement-coup-de-coeur-tres-fonctionnel-et-bien-situe\/\" \/>\n<meta property=\"og:locale\" content=\"en_GB\" \/>\n<meta property=\"og:type\" content=\"article\" \/>\n<meta property=\"og:title\" content=\"Appartement coup de c\u0153ur, tr\u00e8s fonctionnel et bien situ\u00e9 - Aklil Immobilier\" \/>\n<meta property=\"og:description\" content=\"Appartement type deux pi\u00e8ces, meubl\u00e9 et bien agenc\u00e9, comprenant&nbsp;: Une entr\u00e9e en \u00e9toile sans aucune perte de place, un charmant s\u00e9jour, une chambre avec dressing int\u00e9gr\u00e9, une cuisine enti\u00e8rement am\u00e9nag\u00e9e et \u00e9quip\u00e9e, une douche italienne avec coin buanderie et un WC ind\u00e9pendant. Traversant et lumineux avec fen\u00eatres en double vitrage, offrant le charme de l&rsquo;ancien avec son parquet en ch\u00eane d&rsquo;origine (s\u00e9jour\/chambre) et sa ...\" \/>\n<meta property=\"og:url\" content=\"https:\/\/aklilimmobilier.fr\/en\/annonces\/appartement-coup-de-coeur-tres-fonctionnel-et-bien-situe\/\" \/>\n<meta property=\"og:site_name\" content=\"Aklil Immobilier\" \/>\n<meta property=\"article:modified_time\" content=\"2025-01-03T13:39:51+00:00\" \/>\n<meta property=\"og:image\" content=\"https:\/\/aklilimmobilier.fr\/wp-content\/uploads\/2024\/04\/1.png\" \/>\n\t<meta property=\"og:image:width\" content=\"1000\" \/>\n\t<meta property=\"og:image:height\" content=\"667\" \/>\n\t<meta property=\"og:image:type\" content=\"image\/png\" \/>\n<meta name=\"twitter:card\" content=\"summary_large_image\" \/>\n<meta name=\"twitter:label1\" content=\"Estimated reading time\" \/>\n\t<meta name=\"twitter:data1\" content=\"2 minutes\" \/>\n<script type=\"application\/ld+json\" class=\"yoast-schema-graph\">{\"@context\":\"https:\\\/\\\/schema.org\",\"@graph\":[{\"@type\":\"WebPage\",\"@id\":\"https:\\\/\\\/aklilimmobilier.fr\\\/annonces\\\/appartement-coup-de-coeur-tres-fonctionnel-et-bien-situe\\\/\",\"url\":\"https:\\\/\\\/aklilimmobilier.fr\\\/annonces\\\/appartement-coup-de-coeur-tres-fonctionnel-et-bien-situe\\\/\",\"name\":\"Appartement coup de c\u0153ur, tr\u00e8s fonctionnel et bien situ\u00e9 - Aklil Immobilier\",\"isPartOf\":{\"@id\":\"https:\\\/\\\/aklilimmobilier.fr\\\/#website\"},\"primaryImageOfPage\":{\"@id\":\"https:\\\/\\\/aklilimmobilier.fr\\\/annonces\\\/appartement-coup-de-coeur-tres-fonctionnel-et-bien-situe\\\/#primaryimage\"},\"image\":{\"@id\":\"https:\\\/\\\/aklilimmobilier.fr\\\/annonces\\\/appartement-coup-de-coeur-tres-fonctionnel-et-bien-situe\\\/#primaryimage\"},\"thumbnailUrl\":\"https:\\\/\\\/aklilimmobilier.fr\\\/wp-content\\\/uploads\\\/2024\\\/04\\\/1.png\",\"datePublished\":\"2024-04-19T10:16:45+00:00\",\"dateModified\":\"2025-01-03T13:39:51+00:00\",\"breadcrumb\":{\"@id\":\"https:\\\/\\\/aklilimmobilier.fr\\\/annonces\\\/appartement-coup-de-coeur-tres-fonctionnel-et-bien-situe\\\/#breadcrumb\"},\"inLanguage\":\"en-GB\",\"potentialAction\":[{\"@type\":\"ReadAction\",\"target\":[\"https:\\\/\\\/aklilimmobilier.fr\\\/annonces\\\/appartement-coup-de-coeur-tres-fonctionnel-et-bien-situe\\\/\"]}]},{\"@type\":\"ImageObject\",\"inLanguage\":\"en-GB\",\"@id\":\"https:\\\/\\\/aklilimmobilier.fr\\\/annonces\\\/appartement-coup-de-coeur-tres-fonctionnel-et-bien-situe\\\/#primaryimage\",\"url\":\"https:\\\/\\\/aklilimmobilier.fr\\\/wp-content\\\/uploads\\\/2024\\\/04\\\/1.png\",\"contentUrl\":\"https:\\\/\\\/aklilimmobilier.fr\\\/wp-content\\\/uploads\\\/2024\\\/04\\\/1.png\",\"width\":1000,\"height\":667},{\"@type\":\"BreadcrumbList\",\"@id\":\"https:\\\/\\\/aklilimmobilier.fr\\\/annonces\\\/appartement-coup-de-coeur-tres-fonctionnel-et-bien-situe\\\/#breadcrumb\",\"itemListElement\":[{\"@type\":\"ListItem\",\"position\":1,\"name\":\"Accueil\",\"item\":\"https:\\\/\\\/aklilimmobilier.fr\\\/\"},{\"@type\":\"ListItem\",\"position\":2,\"name\":\"Propri\u00e9t\u00e9s\",\"item\":\"https:\\\/\\\/aklilimmobilier.fr\\\/annonces\\\/\"},{\"@type\":\"ListItem\",\"position\":3,\"name\":\"Appartement coup de c\u0153ur, tr\u00e8s fonctionnel et bien situ\u00e9\"}]},{\"@type\":\"WebSite\",\"@id\":\"https:\\\/\\\/aklilimmobilier.fr\\\/#website\",\"url\":\"https:\\\/\\\/aklilimmobilier.fr\\\/\",\"name\":\"Aklil Immobilier\",\"description\":\"\",\"potentialAction\":[{\"@type\":\"SearchAction\",\"target\":{\"@type\":\"EntryPoint\",\"urlTemplate\":\"https:\\\/\\\/aklilimmobilier.fr\\\/?s={search_term_string}\"},\"query-input\":{\"@type\":\"PropertyValueSpecification\",\"valueRequired\":true,\"valueName\":\"search_term_string\"}}],\"inLanguage\":\"en-GB\"}]}<\/script>\n<!-- \/ Yoast SEO plugin. -->","yoast_head_json":{"title":"Appartement coup de c\u0153ur, tr\u00e8s fonctionnel et bien situ\u00e9 - Aklil Immobilier","robots":{"index":"index","follow":"follow","max-snippet":"max-snippet:-1","max-image-preview":"max-image-preview:large","max-video-preview":"max-video-preview:-1"},"canonical":"https:\/\/aklilimmobilier.fr\/en\/annonces\/appartement-coup-de-coeur-tres-fonctionnel-et-bien-situe\/","og_locale":"en_GB","og_type":"article","og_title":"Appartement coup de c\u0153ur, tr\u00e8s fonctionnel et bien situ\u00e9 - Aklil Immobilier","og_description":"Appartement type deux pi\u00e8ces, meubl\u00e9 et bien agenc\u00e9, comprenant&nbsp;: Une entr\u00e9e en \u00e9toile sans aucune perte de place, un charmant s\u00e9jour, une chambre avec dressing int\u00e9gr\u00e9, une cuisine enti\u00e8rement am\u00e9nag\u00e9e et \u00e9quip\u00e9e, une douche italienne avec coin buanderie et un WC ind\u00e9pendant. Traversant et lumineux avec fen\u00eatres en double vitrage, offrant le charme de l&rsquo;ancien avec son parquet en ch\u00eane d&rsquo;origine (s\u00e9jour\/chambre) et sa ...","og_url":"https:\/\/aklilimmobilier.fr\/en\/annonces\/appartement-coup-de-coeur-tres-fonctionnel-et-bien-situe\/","og_site_name":"Aklil Immobilier","article_modified_time":"2025-01-03T13:39:51+00:00","og_image":[{"width":1000,"height":667,"url":"https:\/\/aklilimmobilier.fr\/wp-content\/uploads\/2024\/04\/1.png","type":"image\/png"}],"twitter_card":"summary_large_image","twitter_misc":{"Estimated reading time":"2 minutes"},"schema":{"@context":"https:\/\/schema.org","@graph":[{"@type":"WebPage","@id":"https:\/\/aklilimmobilier.fr\/annonces\/appartement-coup-de-coeur-tres-fonctionnel-et-bien-situe\/","url":"https:\/\/aklilimmobilier.fr\/annonces\/appartement-coup-de-coeur-tres-fonctionnel-et-bien-situe\/","name":"Appartement coup de c\u0153ur, tr\u00e8s fonctionnel et bien situ\u00e9 - Aklil Immobilier","isPartOf":{"@id":"https:\/\/aklilimmobilier.fr\/#website"},"primaryImageOfPage":{"@id":"https:\/\/aklilimmobilier.fr\/annonces\/appartement-coup-de-coeur-tres-fonctionnel-et-bien-situe\/#primaryimage"},"image":{"@id":"https:\/\/aklilimmobilier.fr\/annonces\/appartement-coup-de-coeur-tres-fonctionnel-et-bien-situe\/#primaryimage"},"thumbnailUrl":"https:\/\/aklilimmobilier.fr\/wp-content\/uploads\/2024\/04\/1.png","datePublished":"2024-04-19T10:16:45+00:00","dateModified":"2025-01-03T13:39:51+00:00","breadcrumb":{"@id":"https:\/\/aklilimmobilier.fr\/annonces\/appartement-coup-de-coeur-tres-fonctionnel-et-bien-situe\/#breadcrumb"},"inLanguage":"en-GB","potentialAction":[{"@type":"ReadAction","target":["https:\/\/aklilimmobilier.fr\/annonces\/appartement-coup-de-coeur-tres-fonctionnel-et-bien-situe\/"]}]},{"@type":"ImageObject","inLanguage":"en-GB","@id":"https:\/\/aklilimmobilier.fr\/annonces\/appartement-coup-de-coeur-tres-fonctionnel-et-bien-situe\/#primaryimage","url":"https:\/\/aklilimmobilier.fr\/wp-content\/uploads\/2024\/04\/1.png","contentUrl":"https:\/\/aklilimmobilier.fr\/wp-content\/uploads\/2024\/04\/1.png","width":1000,"height":667},{"@type":"BreadcrumbList","@id":"https:\/\/aklilimmobilier.fr\/annonces\/appartement-coup-de-coeur-tres-fonctionnel-et-bien-situe\/#breadcrumb","itemListElement":[{"@type":"ListItem","position":1,"name":"Accueil","item":"https:\/\/aklilimmobilier.fr\/"},{"@type":"ListItem","position":2,"name":"Propri\u00e9t\u00e9s","item":"https:\/\/aklilimmobilier.fr\/annonces\/"},{"@type":"ListItem","position":3,"name":"Appartement coup de c\u0153ur, tr\u00e8s fonctionnel et bien situ\u00e9"}]},{"@type":"WebSite","@id":"https:\/\/aklilimmobilier.fr\/#website","url":"https:\/\/aklilimmobilier.fr\/","name":"Aklil Immobilier","description":"","potentialAction":[{"@type":"SearchAction","target":{"@type":"EntryPoint","urlTemplate":"https:\/\/aklilimmobilier.fr\/?s={search_term_string}"},"query-input":{"@type":"PropertyValueSpecification","valueRequired":true,"valueName":"search_term_string"}}],"inLanguage":"en-GB"}]}},"_links":{"self":[{"href":"https:\/\/aklilimmobilier.fr\/en\/wp-json\/wp\/v2\/estate_property\/36179","targetHints":{"allow":["GET"]}}],"collection":[{"href":"https:\/\/aklilimmobilier.fr\/en\/wp-json\/wp\/v2\/estate_property"}],"about":[{"href":"https:\/\/aklilimmobilier.fr\/en\/wp-json\/wp\/v2\/types\/estate_property"}],"replies":[{"embeddable":true,"href":"https:\/\/aklilimmobilier.fr\/en\/wp-json\/wp\/v2\/comments?post=36179"}],"version-history":[{"count":1,"href":"https:\/\/aklilimmobilier.fr\/en\/wp-json\/wp\/v2\/estate_property\/36179\/revisions"}],"predecessor-version":[{"id":38083,"href":"https:\/\/aklilimmobilier.fr\/en\/wp-json\/wp\/v2\/estate_property\/36179\/revisions\/38083"}],"wp:featuredmedia":[{"embeddable":true,"href":"https:\/\/aklilimmobilier.fr\/en\/wp-json\/wp\/v2\/media\/36230"}],"wp:attachment":[{"href":"https:\/\/aklilimmobilier.fr\/en\/wp-json\/wp\/v2\/media?parent=36179"}],"wp:term":[{"taxonomy":"property_category","embeddable":true,"href":"https:\/\/aklilimmobilier.fr\/en\/wp-json\/wp\/v2\/property_category?post=36179"},{"taxonomy":"property_action_category","embeddable":true,"href":"https:\/\/aklilimmobilier.fr\/en\/wp-json\/wp\/v2\/property_action_category?post=36179"},{"taxonomy":"property_city","embeddable":true,"href":"https:\/\/aklilimmobilier.fr\/en\/wp-json\/wp\/v2\/property_city?post=36179"},{"taxonomy":"property_area","embeddable":true,"href":"https:\/\/aklilimmobilier.fr\/en\/wp-json\/wp\/v2\/property_area?post=36179"},{"taxonomy":"property_county_state","embeddable":true,"href":"https:\/\/aklilimmobilier.fr\/en\/wp-json\/wp\/v2\/property_county_state?post=36179"},{"taxonomy":"property_features","embeddable":true,"href":"https:\/\/aklilimmobilier.fr\/en\/wp-json\/wp\/v2\/property_features?post=36179"},{"taxonomy":"property_status","embeddable":true,"href":"https:\/\/aklilimmobilier.fr\/en\/wp-json\/wp\/v2\/property_status?post=36179"}],"curies":[{"name":"wp","href":"https:\/\/api.w.org\/{rel}","templated":true}]}}